{"id":382,"date":"2023-12-05T15:30:39","date_gmt":"2023-12-05T14:30:39","guid":{"rendered":"https:\/\/serbenidorm.daliisolutions.com\/index.php\/dm-podcast\/uno-de-los-tecnicos-del-proyecto-0accidntes-roberto-dart-explica-que-se-han-redisenado-los-equipos-de-proteccion-individual-para-mejorar-la-calidad-de-los-operarios-en-su-entorno-de-trabajo\/"},"modified":"2023-12-05T15:30:39","modified_gmt":"2023-12-05T14:30:39","slug":"uno-de-los-tecnicos-del-proyecto-0accidntes-roberto-dart-explica-que-se-han-redisenado-los-equipos-de-proteccion-individual-para-mejorar-la-calidad-de-los-operarios-en-su-entorno-de-trabajo","status":"publish","type":"dm-podcast","link":"https:\/\/serbenidorm.daliisolutions.com\/index.php\/dm-podcast\/uno-de-los-tecnicos-del-proyecto-0accidntes-roberto-dart-explica-que-se-han-redisenado-los-equipos-de-proteccion-individual-para-mejorar-la-calidad-de-los-operarios-en-su-entorno-de-trabajo\/","title":{"rendered":"Uno de los t\u00e9cnicos del proyecto 0ACCIDNTES, Roberto Dart, explica que se han redise\u00f1ado los equipos de protecci\u00f3n individual para mejorar la calidad de los operarios en su entorno de trabajo"},"featured_media":0,"template":"","meta":{"_acf_changed":false},"dm-programa":[7],"class_list":["post-382","dm-podcast","type-dm-podcast","status-publish","hentry","dm-programa-podcast-radio-valencia-hora-14-comunitat-valenciana-2298"],"acf":{"url":"https:\/\/sdmedia.playser.cadenaser.com\/playser\/multimedia\/202312\/5\/1701775708406_1701775815_audio_128.mp3"},"_links":{"self":[{"href":"https:\/\/serbenidorm.daliisolutions.com\/index.php\/wp-json\/wp\/v2\/dm-podcast\/382","targetHints":{"allow":["GET"]}}],"collection":[{"href":"https:\/\/serbenidorm.daliisolutions.com\/index.php\/wp-json\/wp\/v2\/dm-podcast"}],"about":[{"href":"https:\/\/serbenidorm.daliisolutions.com\/index.php\/wp-json\/wp\/v2\/types\/dm-podcast"}],"wp:attachment":[{"href":"https:\/\/serbenidorm.daliisolutions.com\/index.php\/wp-json\/wp\/v2\/media?parent=382"}],"wp:term":[{"taxonomy":"dm-programa","embeddable":true,"href":"https:\/\/serbenidorm.daliisolutions.com\/index.php\/wp-json\/wp\/v2\/dm-programa?post=382"}],"curies":[{"name":"wp","href":"https:\/\/api.w.org\/{rel}","templated":true}]}}