{"id":4758,"date":"2024-05-05T14:09:49","date_gmt":"2024-05-05T12:09:49","guid":{"rendered":"https:\/\/serbenidorm.daliisolutions.com\/index.php\/dm-podcast\/julio-molto-presidente-de-la-asociacion-vecinal-de-nazaret-desde-1986-cuando-el-barrio-se-quedo-sin-playa-para-la-ampliacion-sur-del-puerto-de-valencia-los-sucesivos-gobiernos-de-la-ciudad-no-h\/"},"modified":"2024-05-05T14:09:49","modified_gmt":"2024-05-05T12:09:49","slug":"julio-molto-presidente-de-la-asociacion-vecinal-de-nazaret-desde-1986-cuando-el-barrio-se-quedo-sin-playa-para-la-ampliacion-sur-del-puerto-de-valencia-los-sucesivos-gobiernos-de-la-ciudad-no-h","status":"publish","type":"dm-podcast","link":"https:\/\/serbenidorm.daliisolutions.com\/index.php\/dm-podcast\/julio-molto-presidente-de-la-asociacion-vecinal-de-nazaret-desde-1986-cuando-el-barrio-se-quedo-sin-playa-para-la-ampliacion-sur-del-puerto-de-valencia-los-sucesivos-gobiernos-de-la-ciudad-no-h\/","title":{"rendered":"Julio Molt\u00f3 (presidente de la asociaci\u00f3n vecinal de Nazaret): \u00abDesde 1986, cuando el barrio se qued\u00f3 sin playa para la ampliaci\u00f3n sur del puerto de Val\u00e8ncia, los sucesivos gobiernos de la ciudad no han hecho nada para mejorar la desembocadura\u00bb"},"featured_media":0,"template":"","meta":{"_acf_changed":false},"dm-programa":[7],"class_list":["post-4758","dm-podcast","type-dm-podcast","status-publish","hentry","dm-programa-podcast-radio-valencia-hora-14-comunitat-valenciana-2298"],"acf":{"url":"https:\/\/sdmedia.playser.cadenaser.com\/playser\/multimedia\/20245\/5\/1714908192895_1714908193_audio_128.mp3"},"_links":{"self":[{"href":"https:\/\/serbenidorm.daliisolutions.com\/index.php\/wp-json\/wp\/v2\/dm-podcast\/4758","targetHints":{"allow":["GET"]}}],"collection":[{"href":"https:\/\/serbenidorm.daliisolutions.com\/index.php\/wp-json\/wp\/v2\/dm-podcast"}],"about":[{"href":"https:\/\/serbenidorm.daliisolutions.com\/index.php\/wp-json\/wp\/v2\/types\/dm-podcast"}],"wp:attachment":[{"href":"https:\/\/serbenidorm.daliisolutions.com\/index.php\/wp-json\/wp\/v2\/media?parent=4758"}],"wp:term":[{"taxonomy":"dm-programa","embeddable":true,"href":"https:\/\/serbenidorm.daliisolutions.com\/index.php\/wp-json\/wp\/v2\/dm-programa?post=4758"}],"curies":[{"name":"wp","href":"https:\/\/api.w.org\/{rel}","templated":true}]}}