{"id":5717,"date":"2024-06-01T14:27:07","date_gmt":"2024-06-01T12:27:07","guid":{"rendered":"https:\/\/serbenidorm.daliisolutions.com\/index.php\/dm-podcast\/jose-antonio-hernandez-presidente-de-la-asociacion-de-propietarios-de-la-urbanizacion-mas-camarena-de-betera-pide-que-se-les-escuche-porque-en-ese-conjunto-de-casas-viven-cerca-de-3-500-vecinos\/"},"modified":"2024-06-01T14:27:07","modified_gmt":"2024-06-01T12:27:07","slug":"jose-antonio-hernandez-presidente-de-la-asociacion-de-propietarios-de-la-urbanizacion-mas-camarena-de-betera-pide-que-se-les-escuche-porque-en-ese-conjunto-de-casas-viven-cerca-de-3-500-vecinos","status":"publish","type":"dm-podcast","link":"https:\/\/serbenidorm.daliisolutions.com\/index.php\/dm-podcast\/jose-antonio-hernandez-presidente-de-la-asociacion-de-propietarios-de-la-urbanizacion-mas-camarena-de-betera-pide-que-se-les-escuche-porque-en-ese-conjunto-de-casas-viven-cerca-de-3-500-vecinos\/","title":{"rendered":"Jos\u00e9 Antonio Hern\u00e1ndez (presidente de la asociaci\u00f3n de propietarios de la urbanizaci\u00f3n Mas Camarena de B\u00e9tera) pide que se les escuche porque en ese conjunto de casas viven cerca de 3.500 vecinos"},"featured_media":0,"template":"","meta":{"_acf_changed":false},"dm-programa":[7],"class_list":["post-5717","dm-podcast","type-dm-podcast","status-publish","hentry","dm-programa-podcast-radio-valencia-hora-14-comunitat-valenciana-2298"],"acf":{"url":"https:\/\/sdmedia.playser.cadenaser.com\/playser\/multimedia\/20246\/1\/1717242296701_1717242294_audio_128.mp3"},"_links":{"self":[{"href":"https:\/\/serbenidorm.daliisolutions.com\/index.php\/wp-json\/wp\/v2\/dm-podcast\/5717","targetHints":{"allow":["GET"]}}],"collection":[{"href":"https:\/\/serbenidorm.daliisolutions.com\/index.php\/wp-json\/wp\/v2\/dm-podcast"}],"about":[{"href":"https:\/\/serbenidorm.daliisolutions.com\/index.php\/wp-json\/wp\/v2\/types\/dm-podcast"}],"wp:attachment":[{"href":"https:\/\/serbenidorm.daliisolutions.com\/index.php\/wp-json\/wp\/v2\/media?parent=5717"}],"wp:term":[{"taxonomy":"dm-programa","embeddable":true,"href":"https:\/\/serbenidorm.daliisolutions.com\/index.php\/wp-json\/wp\/v2\/dm-programa?post=5717"}],"curies":[{"name":"wp","href":"https:\/\/api.w.org\/{rel}","templated":true}]}}