{"id":8158,"date":"2024-09-08T14:35:14","date_gmt":"2024-09-08T12:35:14","guid":{"rendered":"https:\/\/serbenidorm.daliisolutions.com\/index.php\/dm-podcast\/elvira-castilla-ugt-del-pais-valencia-celebra-que-tragsa-asuma-la-plantilla-de-la-anterior-empresa-de-limpieza-pero-recuerda-que-todavia-no-se-ha-procedido-al-pago-de-las-nominas-de-junio\/"},"modified":"2024-09-08T14:35:14","modified_gmt":"2024-09-08T12:35:14","slug":"elvira-castilla-ugt-del-pais-valencia-celebra-que-tragsa-asuma-la-plantilla-de-la-anterior-empresa-de-limpieza-pero-recuerda-que-todavia-no-se-ha-procedido-al-pago-de-las-nominas-de-junio","status":"publish","type":"dm-podcast","link":"https:\/\/serbenidorm.daliisolutions.com\/index.php\/dm-podcast\/elvira-castilla-ugt-del-pais-valencia-celebra-que-tragsa-asuma-la-plantilla-de-la-anterior-empresa-de-limpieza-pero-recuerda-que-todavia-no-se-ha-procedido-al-pago-de-las-nominas-de-junio\/","title":{"rendered":"Elvira Castilla (UGT del Pais Valenci\u00e0) celebra que Tragsa asuma la plantilla de la anterior empresa de limpieza, pero recuerda que todav\u00eda no se ha procedido al pago de las n\u00f3minas de junio"},"featured_media":0,"template":"","meta":{"_acf_changed":false},"dm-programa":[7],"class_list":["post-8158","dm-podcast","type-dm-podcast","status-publish","hentry","dm-programa-podcast-radio-valencia-hora-14-comunitat-valenciana-2298"],"acf":{"url":"https:\/\/sdmedia.playser.cadenaser.com\/mcv\/playser\/multimedia\/20240908\/4130125_093655_audio_128.mp3"},"_links":{"self":[{"href":"https:\/\/serbenidorm.daliisolutions.com\/index.php\/wp-json\/wp\/v2\/dm-podcast\/8158","targetHints":{"allow":["GET"]}}],"collection":[{"href":"https:\/\/serbenidorm.daliisolutions.com\/index.php\/wp-json\/wp\/v2\/dm-podcast"}],"about":[{"href":"https:\/\/serbenidorm.daliisolutions.com\/index.php\/wp-json\/wp\/v2\/types\/dm-podcast"}],"wp:attachment":[{"href":"https:\/\/serbenidorm.daliisolutions.com\/index.php\/wp-json\/wp\/v2\/media?parent=8158"}],"wp:term":[{"taxonomy":"dm-programa","embeddable":true,"href":"https:\/\/serbenidorm.daliisolutions.com\/index.php\/wp-json\/wp\/v2\/dm-programa?post=8158"}],"curies":[{"name":"wp","href":"https:\/\/api.w.org\/{rel}","templated":true}]}}