{"id":8448,"date":"2024-09-18T08:32:19","date_gmt":"2024-09-18T06:32:19","guid":{"rendered":""},"modified":"2024-09-18T08:32:19","modified_gmt":"2024-09-18T06:32:19","slug":"maria-jose-catala-alcaldesa-de-valencia-confia-en-que-antes-de-final-de-ano-la-generalitat-haya-transferido-al-ayuntamiento-la-potestad-sancionadora-con-multas-que-podrian-alcanzar-los-600-000-euro","status":"publish","type":"dm-podcast","link":"https:\/\/serbenidorm.daliisolutions.com\/index.php\/dm-podcast\/maria-jose-catala-alcaldesa-de-valencia-confia-en-que-antes-de-final-de-ano-la-generalitat-haya-transferido-al-ayuntamiento-la-potestad-sancionadora-con-multas-que-podrian-alcanzar-los-600-000-euro\/","title":{"rendered":"Mar\u00eda Jos\u00e9 Catal\u00e1 (alcaldesa de Val\u00e8ncia) conf\u00eda en que antes de final de a\u00f1o la Generalitat haya transferido al Ayuntamiento la potestad sancionadora, con multas que podr\u00edan alcanzar los 600.000 euros"},"featured_media":0,"template":"","meta":{"_acf_changed":false},"dm-programa":[7],"class_list":["post-8448","dm-podcast","type-dm-podcast","status-publish","hentry","dm-programa-podcast-radio-valencia-hora-14-comunitat-valenciana-2298"],"acf":{"url":"https:\/\/sdmedia.playser.cadenaser.com\/mcv\/playser\/multimedia\/20240917\/4142615_125930_audio_128.mp3"},"_links":{"self":[{"href":"https:\/\/serbenidorm.daliisolutions.com\/index.php\/wp-json\/wp\/v2\/dm-podcast\/8448","targetHints":{"allow":["GET"]}}],"collection":[{"href":"https:\/\/serbenidorm.daliisolutions.com\/index.php\/wp-json\/wp\/v2\/dm-podcast"}],"about":[{"href":"https:\/\/serbenidorm.daliisolutions.com\/index.php\/wp-json\/wp\/v2\/types\/dm-podcast"}],"wp:attachment":[{"href":"https:\/\/serbenidorm.daliisolutions.com\/index.php\/wp-json\/wp\/v2\/media?parent=8448"}],"wp:term":[{"taxonomy":"dm-programa","embeddable":true,"href":"https:\/\/serbenidorm.daliisolutions.com\/index.php\/wp-json\/wp\/v2\/dm-programa?post=8448"}],"curies":[{"name":"wp","href":"https:\/\/api.w.org\/{rel}","templated":true}]}}